{"id":127,"date":"2014-02-08T19:34:51","date_gmt":"2014-02-08T19:34:51","guid":{"rendered":"http:\/\/csapokert.gorogkatolikus.hu\/?page_id=127"},"modified":"2014-02-12T20:49:34","modified_gmt":"2014-02-12T20:49:34","slug":"tamop","status":"publish","type":"page","link":"http:\/\/csapokert.gorogkatolikus.hu\/?page_id=127","title":{"rendered":"T\u00c1MOP"},"content":{"rendered":"<h3 style=\"text-align: center;\">A Debrecen- Csap\u00f3kert G\u00f6r\u00f6gkatolikus Egyh\u00e1zk\u00f6zs\u00e9g 2013 \u00e9v elej\u00e9n megnyerte az EU \u00e1ltal t\u00e1mogatott \u201e<i>K\u00f6z\u00f6ss\u00e9gi \u00f6sszefog\u00e1s a Debrecen-csap\u00f3kerti csal\u00e1dok\u00e9rt\u201d <\/i>c\u00edm\u0171 T\u00c1MOP p\u00e1ly\u00e1zatot.<\/h3>\n<p>A projekt f\u0151 c\u00e9lja egy olyan jelleg\u0171 csal\u00e1di er\u0151forr\u00e1s k\u00f6zpont l\u00e9trehoz\u00e1sa Debrecen- Csap\u00f3kertben, ahol sz\u00e1mos program (el\u0151ad\u00e1s, foglalkoz\u00e1s \u00e9s rendezv\u00e9ny) mozg\u00f3s\u00edtja a helyi csal\u00e1dokat, er\u0151s\u00edtve a k\u00f6z\u00f6tt\u00fck l\u00e9v\u0151 \u00f6sszefog\u00e1st, \u00e9s a csal\u00e1don bel\u00fcli \u00f6sszetartoz\u00e1st.<\/p>\n<p><b>K\u00f6z\u00f6ss\u00e9gi \u00f6sszefog\u00e1s a Debrecen-csap\u00f3kerti csal\u00e1dok\u00e9rt<\/b><\/p>\n<p><b>1., Any\u00e1k napja <\/b><\/p>\n<table border=\"1\" cellspacing=\"0\" cellpadding=\"0\">\n<tbody>\n<tr>\n<td width=\"225\">\n<p align=\"center\"><b>Rendezv\u00e9ny id\u0151pontja, helysz\u00edne<\/b><\/p>\n<\/td>\n<td valign=\"top\" width=\"390\">G\u00f6r\u00f6gkatolikus templom \u00e9s k\u00f6z\u00f6ss\u00e9gi h\u00e1zDebrecen Vak Botty\u00e1n u 24-26<\/p>\n<p>2013. m\u00e1jus 5.<\/td>\n<\/tr>\n<\/tbody>\n<\/table>\n<p><b>2., P\u00fcnk\u00f6sdi Kir\u00e1lyv\u00e1laszt\u00e1s <\/b><\/p>\n<table border=\"1\" cellspacing=\"0\" cellpadding=\"0\">\n<tbody>\n<tr>\n<td width=\"225\">\n<p align=\"center\"><b>Rendezv\u00e9ny id\u0151pontja, helysz\u00edne<\/b><\/p>\n<\/td>\n<td valign=\"top\" width=\"390\">G\u00f6r\u00f6gkatolikus templom \u00a0parkos\u00edtott udvaraDebrecen Vak Botty\u00e1n u 24-26.<\/p>\n<p>2013. m\u00e1jus 19.<\/td>\n<\/tr>\n<\/tbody>\n<\/table>\n<p><b>\u00a0<\/b><\/p>\n<p><b>3., Ker\u00e9kp\u00e1rt\u00fara Hajd\u00faszoboszl\u00f3ra<\/b><\/p>\n<table border=\"1\" cellspacing=\"0\" cellpadding=\"0\">\n<tbody>\n<tr>\n<td width=\"225\">\n<p align=\"center\"><b>Rendezv\u00e9ny id\u0151pontja, helysz\u00edne<\/b><\/p>\n<\/td>\n<td valign=\"top\" width=\"390\">Debrecen \u2013 Ebes \u2013 Hajd\u00faszoboszl\u00f3 \u2013 Debrecen<\/p>\n<p>2013. augusztus 24. szombat<\/td>\n<\/tr>\n<\/tbody>\n<\/table>\n<p><b>4., Csal\u00e1d \u00e9s k\u00f6z\u00f6ss\u00e9g: NAGYRENDEZV\u00c9NY az egyh\u00e1zk\u00f6zs\u00e9gi b\u00facs\u00fa a csal\u00e1dok \u00f6sszetartoz\u00e1s\u00e1\u00e9rt<\/b><\/p>\n<table border=\"1\" cellspacing=\"0\" cellpadding=\"0\">\n<tbody>\n<tr>\n<td width=\"225\">\n<p align=\"center\"><b>Rendezv\u00e9ny id\u0151pontja, helysz\u00edne<\/b><\/p>\n<\/td>\n<td valign=\"top\" width=\"390\">G\u00f6r\u00f6gkatolikus templom \u00e9s annak parkos\u00edtott udvaraDebrecen Vak Botty\u00e1n u 24-26<\/p>\n<p>2013. aug.31.-szept.1. szombat-vas\u00e1rnap.<\/td>\n<\/tr>\n<\/tbody>\n<\/table>\n<p><b>\u00a0<\/b><br \/>\n<b>5., Zar\u00e1ndoklat a Csal\u00e1dok nemzeti kegyhely\u00e9re, M\u00e1travereb\u00e9ly-Szentk\u00fatra<\/b><\/p>\n<table border=\"1\" cellspacing=\"0\" cellpadding=\"0\">\n<tbody>\n<tr>\n<td width=\"225\">\n<p align=\"center\"><b>Rendezv\u00e9ny id\u0151pontja, helysz\u00edne<\/b><\/p>\n<\/td>\n<td valign=\"top\" width=\"390\">Debrecen-Szentk\u00fat-Eger-Debrecen<\/p>\n<p>2013. szeptember 23.<\/td>\n<\/tr>\n<\/tbody>\n<\/table>\n<p><b><br \/>\n6., Sz\u00fcreti B\u00e1l<\/b><\/p>\n<table border=\"1\" cellspacing=\"0\" cellpadding=\"0\">\n<tbody>\n<tr>\n<td width=\"225\">\n<p align=\"center\"><b>Rendezv\u00e9ny id\u0151pontja, helysz\u00edne<\/b><\/p>\n<\/td>\n<td valign=\"top\" width=\"390\">Svetits Katolikus \u00d3voda, \u00c1ltal\u00e1nos Iskola, Gimn\u00e1zium \u00e9s Di\u00e1kotthon tornaterme.2013. november 9. szombat<\/td>\n<\/tr>\n<\/tbody>\n<\/table>\n<p><b><br \/>\n7.,Szent Mikl\u00f3s napja \u2013 az aj\u00e1nd\u00e9koz\u00e1s \u00f6r\u00f6me<\/b><\/p>\n<table border=\"1\" cellspacing=\"0\" cellpadding=\"0\">\n<tbody>\n<tr>\n<td width=\"225\">\n<p align=\"center\"><b>Rendezv\u00e9ny id\u0151pontja, helysz\u00edne<\/b><\/p>\n<\/td>\n<td valign=\"top\" width=\"390\">G\u00f6r\u00f6gkatolikus templom \u2013 Szent Efr\u00e9m G\u00f6r\u00f6gkatolikus \u00d3vodaDebrecen Vak Botty\u00e1n u 24-26<\/p>\n<p>2013. december 6.<\/td>\n<\/tr>\n<\/tbody>\n<\/table>\n<p><b><br \/>\n8., Kar\u00e1csony<\/b><\/p>\n<table border=\"1\" cellspacing=\"0\" cellpadding=\"0\">\n<tbody>\n<tr>\n<td width=\"225\">\n<p align=\"center\"><b>Rendezv\u00e9ny id\u0151pontja, helysz\u00edne<\/b><\/p>\n<\/td>\n<td valign=\"top\" width=\"390\">G\u00f6r\u00f6gkatolikus templom \u00e9s annak parkos\u00edtott udvaraDebrecen Vak Botty\u00e1n u 24-26<\/p>\n<p>2013. december 24.<\/td>\n<\/tr>\n<\/tbody>\n<\/table>\n<p><b><br \/>\n9., \u201eHogy unok\u00e1ink is l\u00e1thass\u00e1k\u201d \u2013 h\u00e1rom gener\u00e1ci\u00f3 k\u00f6z\u00f6s \u00fcnnepe<\/b><\/p>\n<table border=\"1\" cellspacing=\"0\" cellpadding=\"0\">\n<tbody>\n<tr>\n<td width=\"225\">\n<p align=\"center\"><b>Rendezv\u00e9ny id\u0151pontja, helysz\u00edne<\/b><\/p>\n<\/td>\n<td valign=\"top\" width=\"390\">G\u00f6r\u00f6gkatolikus templom \u00e9s k\u00f6z\u00f6ss\u00e9gi h\u00e1zDebrecen Vak Botty\u00e1n u 24-26.<\/p>\n<p>2014. febru\u00e1r 2. vas<\/td>\n<\/tr>\n<\/tbody>\n<\/table>\n<p><b><br \/>\n10., Csap\u00f3kerti Vir\u00e1gvas\u00e1rnap<\/b><\/p>\n<table border=\"1\" cellspacing=\"0\" cellpadding=\"0\">\n<tbody>\n<tr>\n<td width=\"225\">\n<p align=\"center\"><b>Rendezv\u00e9ny id\u0151pontja, helysz\u00edne<\/b><\/p>\n<\/td>\n<td valign=\"top\" width=\"390\">G\u00f6r\u00f6gkatolikus templom \u00e9s k\u00f6z\u00f6ss\u00e9gi h\u00e1zDebrecen Vak Botty\u00e1n u 24-26<\/p>\n<p>2013. m\u00e1rcius. 24.<\/td>\n<\/tr>\n<\/tbody>\n<\/table>\n<p><b><br \/>\n11., Csal\u00e1di sportnap<\/b><\/p>\n<table border=\"1\" cellspacing=\"0\" cellpadding=\"0\">\n<tbody>\n<tr>\n<td width=\"225\">\n<p align=\"center\"><b>Rendezv\u00e9ny id\u0151pontja, helysz\u00edne<\/b><\/p>\n<\/td>\n<td valign=\"top\" width=\"390\">G\u00f6r\u00f6gkatolikus templom \u00e9s annak parkos\u00edtott udvaraDebrecen Vak Botty\u00e1n u 24-26<\/p>\n<p>2014. \u00e1prilis 27.<\/td>\n<\/tr>\n<\/tbody>\n<\/table>\n<p>&nbsp;<\/p>\n","protected":false},"excerpt":{"rendered":"<p>A Debrecen- Csap\u00f3kert G\u00f6r\u00f6gkatolikus Egyh\u00e1zk\u00f6zs\u00e9g 2013 \u00e9v elej\u00e9n megnyerte az EU \u00e1ltal t\u00e1mogatott \u201eK\u00f6z\u00f6ss\u00e9gi \u00f6sszefog\u00e1s a Debrecen-csap\u00f3kerti csal\u00e1dok\u00e9rt\u201d c\u00edm\u0171 T\u00c1MOP p\u00e1ly\u00e1zatot. A projekt f\u0151 c\u00e9lja egy olyan jelleg\u0171 csal\u00e1di er\u0151forr\u00e1s k\u00f6zpont l\u00e9trehoz\u00e1sa Debrecen- Csap\u00f3kertben, ahol sz\u00e1mos program (el\u0151ad\u00e1s, foglalkoz\u00e1s \u00e9s rendezv\u00e9ny) mozg\u00f3s\u00edtja a helyi csal\u00e1dokat, er\u0151s\u00edtve a k\u00f6z\u00f6tt\u00fck l\u00e9v\u0151 \u00f6sszefog\u00e1st, \u00e9s a csal\u00e1don bel\u00fcli \u00f6sszetartoz\u00e1st. [&hellip;]<\/p>\n","protected":false},"author":1,"featured_media":0,"parent":0,"menu_order":0,"comment_status":"closed","ping_status":"closed","template":"","meta":{"ngg_post_thumbnail":0},"_links":{"self":[{"href":"http:\/\/csapokert.gorogkatolikus.hu\/index.php?rest_route=\/wp\/v2\/pages\/127"}],"collection":[{"href":"http:\/\/csapokert.gorogkatolikus.hu\/index.php?rest_route=\/wp\/v2\/pages"}],"about":[{"href":"http:\/\/csapokert.gorogkatolikus.hu\/index.php?rest_route=\/wp\/v2\/types\/page"}],"author":[{"embeddable":true,"href":"http:\/\/csapokert.gorogkatolikus.hu\/index.php?rest_route=\/wp\/v2\/users\/1"}],"replies":[{"embeddable":true,"href":"http:\/\/csapokert.gorogkatolikus.hu\/index.php?rest_route=%2Fwp%2Fv2%2Fcomments&post=127"}],"version-history":[{"count":3,"href":"http:\/\/csapokert.gorogkatolikus.hu\/index.php?rest_route=\/wp\/v2\/pages\/127\/revisions"}],"predecessor-version":[{"id":388,"href":"http:\/\/csapokert.gorogkatolikus.hu\/index.php?rest_route=\/wp\/v2\/pages\/127\/revisions\/388"}],"wp:attachment":[{"href":"http:\/\/csapokert.gorogkatolikus.hu\/index.php?rest_route=%2Fwp%2Fv2%2Fmedia&parent=127"}],"curies":[{"name":"wp","href":"https:\/\/api.w.org\/{rel}","templated":true}]}}